{"id":9115,"date":"2025-02-06T11:52:01","date_gmt":"2025-02-06T10:52:01","guid":{"rendered":"https:\/\/www.ccmpackaging.it\/?page_id=9115"},"modified":"2025-02-06T12:18:01","modified_gmt":"2025-02-06T11:18:01","slug":"packaging","status":"publish","type":"page","link":"https:\/\/www.ccmpackaging.it\/fr\/packaging\/","title":{"rendered":"Packaging"},"content":{"rendered":"<p>[vc_row full_width=\u00a0\u00bbstretch_row_content_no_spaces\u00a0\u00bb css_animation=\u00a0\u00bbfadeIn\u00a0\u00bb][vc_column css_animation=\u00a0\u00bbfadeIn\u00a0\u00bb]\r\n\r\n\t\t<div class=\"shortcode_getbowtied_slider swiper-container swiper-6a9bd2e98d242 \" style=\"height:786px; width: 100%\" data-id=\"6a9bd2e98d242\">\r\n\t\t\t<div class=\"swiper-wrapper\">\r\n\t\t\t\r\n\r\n\t\t<div class=\"swiper-slide left-align\"\r\n\t\tstyle=\t\"background:  url(https:\/\/www.ccmpackaging.it\/wp-content\/uploads\/2021\/11\/slide-packaging.jpg) center center no-repeat ;\r\n\t\t\t\t-webkit-background-size: cover;\r\n\t\t\t\t-moz-background-size: cover;\r\n\t\t\t\t-o-background-size: cover;\r\n\t\t\t\tbackground-size: cover;\r\n\t\t\t\tcolor: #c1d101\">\r\n\t\t\t<div class=\"slider-content\" data-swiper-parallax=\"-1000\">\r\n\t\t\t\t<div class=\"slider-content-wrapper\">\r\n\t\t\t\t\t\r\n\t\t\t\t\t<h2 class=\"slide-description\" style=\"font-size:50px;color:rgb(193,209,1);\">De fournisseurs \u00e0 consultants experts pour le monde du packaging alimentaire. Le packaging CCM est un concentr\u00e9 de longue exp\u00e9rience et de professionnalisme, qui incarne pleinement cette \u00e9volution.<\/h2>\r\n\t\t\t\t\t\r\n\t\t\t\t<\/div>\r\n\t\t\t<\/div>\r\n\t\t<\/div>\r\n\t\t\t<\/div><div class=\"quickview-pagination shortcode-slider-pagination\" style=\"color: #ffffff\"><\/div><\/div><style>@media all and (max-width: 768px){.shortcode_getbowtied_slider{ height:586px!important;}} .swiper-pagination-bullet-active:after{ background-color: #ffffff } <\/style>[\/vc_column][\/vc_row][vc_row full_width=\u00a0\u00bbstretch_row\u00a0\u00bb css=\u00a0\u00bb.vc_custom_1720020040314{margin-bottom: 0px !important;background-image: url(https:\/\/www.ccmpackaging.it\/wp-content\/uploads\/2021\/11\/packaging-bg.jpg?id=5141) !important;background-position: center !important;background-repeat: no-repeat !important;background-size: cover !important;}\u00a0\u00bb el_id=\u00a0\u00bbprogettazione\u00a0\u00bb][vc_column][vc_row_inner][vc_column_inner][vc_single_image image=\u00a0\u00bb9055&Prime; img_size=\u00a0\u00bbfull\u00a0\u00bb alignment=\u00a0\u00bbcenter\u00a0\u00bb][\/vc_column_inner][\/vc_row_inner][vc_row_inner css=\u00a0\u00bb.vc_custom_1720019975509{padding-left: 5% !important;}\u00a0\u00bb][vc_column_inner width=\u00a0\u00bb2\/3&Prime;][vc_empty_space height=\u00a0\u00bb100px\u00a0\u00bb el_class=\u00a0\u00bbspaziodesktop\u00a0\u00bb][vc_column_text]NEWS[\/vc_column_text][vc_column_text el_class=\u00a0\u00bbhighlights\u00a0\u00bb]<\/p>\n<h1>Une barquette recyclable avec le papier<br \/>\net compostable avec les d\u00e9chets organiques,<br \/>\ne n&rsquo;est pas de la science-fiction.<\/h1>\n<p>[\/vc_column_text][\/vc_column_inner][vc_column_inner width=\u00a0\u00bb1\/3&Prime;][\/vc_column_inner][\/vc_row_inner][vc_row_inner css=\u00a0\u00bb.vc_custom_1720019985293{padding-left: 5% !important;}\u00a0\u00bb][vc_column_inner width=\u00a0\u00bb1\/2&Prime; css=\u00a0\u00bb.vc_custom_1720019900916{padding-left: 2% !important;}\u00a0\u00bb][vc_single_image image=\u00a0\u00bb9126&Prime; img_size=\u00a0\u00bblarge\u00a0\u00bb][\/vc_column_inner][vc_column_inner width=\u00a0\u00bb1\/2&Prime;][vc_empty_space height=\u00a0\u00bb100px\u00a0\u00bb el_class=\u00a0\u00bbspaziodesktop\u00a0\u00bb][vc_column_text]Nous avons imagin\u00e9 un monde dans lequel l&#8217;emballage est enti\u00e8rement \u00e9co-responsable, recyclable et compostable dans chacune de ses composantes.<\/p>\n<p>C&rsquo;est ainsi qu&rsquo;est n\u00e9e l&rsquo;inspiration pour notre barquette scellable avec film en papier, biod\u00e9gradable et produite \u00e0 partir de mati\u00e8res premi\u00e8res certifi\u00e9es FSC\u00ae.[\/vc_column_text][vc_column_text]Une barquette v\u00e9ritablement \u00e9cologique, avec des instructions claires pour son \u00e9limination dans le papier et l&rsquo;organique, gr\u00e2ce \u00e0 une signal\u00e9tique \u00e9co-responsable qui s&rsquo;adresse directement au consommateur final.<\/p>\n<p>Pour en savoir plus, t\u00e9l\u00e9chargez le document d&rsquo;approfondissement ou visionnez la vid\u00e9o sur notre cha\u00eene <strong><a href=\"https:\/\/www.youtube.com\/channel\/UCmQ4FXv3JW4nIHWHQ3kWEJQ\/featured\">YouTube<\/a><\/strong>[\/vc_column_text][vc_empty_space][vc_btn title=\u00a0\u00bbT\u00e9l\u00e9charger la fiche produit\u00a0\u00bb link=\u00a0\u00bburl:https%3A%2F%2Fwww.ccmpackaging.it%2Fwp-content%2Fuploads%2F2022%2F07%2FCCM_BeBio-System-SCHEDA-SINTESI__comp.pdf|||\u00a0\u00bb][\/vc_column_inner][\/vc_row_inner][vc_row_inner][vc_column_inner offset=\u00a0\u00bbvc_hidden-lg vc_hidden-md vc_hidden-sm vc_hidden-xs\u00a0\u00bb][vc_column_text el_class=\u00a0\u00bbhighlights\u00a0\u00bb]<\/p>\n<div style=\"width: 1920px;\" class=\"wp-video\"><!--[if lt IE 9]><script>document.createElement('video');<\/script><![endif]-->\n<video class=\"wp-video-shortcode\" id=\"video-9115-1\" width=\"1920\" height=\"1080\" poster=\"https:\/\/www.ccmpackaging.it\/wp-content\/uploads\/2022\/10\/BiopSystem_thumb.png\" preload=\"metadata\" controls=\"controls\"><source type=\"video\/mp4\" src=\"https:\/\/www.ccmpackaging.it\/wp-content\/uploads\/2024\/07\/CCM_video_BEBIO_AGGIORNATO_FSC_ITA_24.mp4?_=1\" \/><a href=\"https:\/\/www.ccmpackaging.it\/wp-content\/uploads\/2024\/07\/CCM_video_BEBIO_AGGIORNATO_FSC_ITA_24.mp4\">https:\/\/www.ccmpackaging.it\/wp-content\/uploads\/2024\/07\/CCM_video_BEBIO_AGGIORNATO_FSC_ITA_24.mp4<\/a><\/video><\/div>\n<p>[\/vc_column_text][\/vc_column_inner][\/vc_row_inner][vc_row_inner][vc_column_inner width=\u00a0\u00bb1\/3&Prime;][\/vc_column_inner][vc_column_inner width=\u00a0\u00bb2\/3&Prime;][vc_empty_space height=\u00a0\u00bb100px\u00a0\u00bb el_class=\u00a0\u00bbspaziodesktop\u00a0\u00bb][vc_column_text]CONCEPTION[\/vc_column_text][vc_column_text el_class=\u00a0\u00bbhighlights\u00a0\u00bb]<\/p>\n<h1>L&#8217;emballage<br \/>\ncomme \u00e9volution<br \/>\ndu papier<\/h1>\n<p>[\/vc_column_text][\/vc_column_inner][\/vc_row_inner][vc_row_inner][vc_column_inner width=\u00a0\u00bb1\/3&Prime;][\/vc_column_inner][vc_column_inner width=\u00a0\u00bb1\/3&Prime; offset=\u00a0\u00bbvc_hidden-xs\u00a0\u00bb][vc_empty_space height=\u00a0\u00bb100px\u00a0\u00bb el_class=\u00a0\u00bbspaziodesktop\u00a0\u00bb][vc_column_text]Nous concevons des emballages innovants \u00e0 haute performance pour les secteurs commerciaux les plus disparates, toujours adapt\u00e9s \u00e0 vos besoins. Un packaging extr\u00eamement efficace, enti\u00e8rement recyclable dans le papier, avec des solutions vari\u00e9es pour diff\u00e9rentes exigences de conditionnement.[\/vc_column_text][vc_empty_space height=\u00a0\u00bb60px\u00a0\u00bb][vc_column_text]Nous cherchons toujours \u00e0 \u00eatre un pas en avant par rapport aux attentes du march\u00e9, afin d&rsquo;exp\u00e9rimenter les solutions avant m\u00eame que nos clients ne les demandent. Cette attention se refl\u00e8te \u00e9galement dans la s\u00e9lection minutieuse des fournisseurs et des mati\u00e8res premi\u00e8res.[\/vc_column_text][\/vc_column_inner][vc_column_inner width=\u00a0\u00bb1\/3&Prime;][vc_empty_space height=\u00a0\u00bb300px\u00a0\u00bb el_class=\u00a0\u00bbspaziodesktop\u00a0\u00bb][vc_single_image image=\u00a0\u00bb9117&Prime; img_size=\u00a0\u00bbfull\u00a0\u00bb][vc_empty_space height=\u00a0\u00bb60px\u00a0\u00bb][vc_single_image image=\u00a0\u00bb9118&Prime; img_size=\u00a0\u00bbfull\u00a0\u00bb][\/vc_column_inner][\/vc_row_inner][vc_empty_space height=\u00a0\u00bb200px\u00a0\u00bb el_class=\u00a0\u00bbspaziodesktop\u00a0\u00bb][\/vc_column][\/vc_row][vc_row full_width=\u00a0\u00bbstretch_row_content_no_spaces\u00a0\u00bb css=\u00a0\u00bb.vc_custom_1639521585051{background-position: center !important;background-repeat: no-repeat !important;background-size: cover !important;}\u00a0\u00bb el_id=\u00a0\u00bbprogettazione\u00a0\u00bb][vc_column offset=\u00a0\u00bbvc_hidden-lg vc_hidden-md\u00a0\u00bb][vc_row_inner][vc_column_inner][vc_single_image image=\u00a0\u00bb9055&Prime; img_size=\u00a0\u00bbfull\u00a0\u00bb alignment=\u00a0\u00bbcenter\u00a0\u00bb][\/vc_column_inner][\/vc_row_inner][vc_row_inner][vc_column_inner css=\u00a0\u00bb.vc_custom_1639521709314{padding-right: 20px !important;padding-left: 20px !important;}\u00a0\u00bb][vc_empty_space height=\u00a0\u00bb100px\u00a0\u00bb el_class=\u00a0\u00bbspaziodesktop\u00a0\u00bb][vc_column_text]CONCEPTION[\/vc_column_text][vc_column_text el_class=\u00a0\u00bbhighlights\u00a0\u00bb]<\/p>\n<h1>L&#8217;emballage comme \u00e9volution du papier<\/h1>\n<p>[\/vc_column_text][\/vc_column_inner][\/vc_row_inner][vc_row_inner][vc_column_inner][vc_single_image image=\u00a0\u00bb9121&Prime; img_size=\u00a0\u00bbfull\u00a0\u00bb][vc_column_text]Nous concevons des emballages innovants \u00e0 haute performance pour les secteurs commerciaux les plus disparates, toujours adapt\u00e9s \u00e0 vos besoins. Un packaging extr\u00eamement efficace, enti\u00e8rement recyclable dans le papier, avec des solutions vari\u00e9es pour diff\u00e9rentes exigences de conditionnement.[\/vc_column_text][vc_empty_space height=\u00a0\u00bb60px\u00a0\u00bb][vc_column_text]Nous cherchons toujours \u00e0 \u00eatre un pas en avant par rapport aux attentes du march\u00e9, afin d&rsquo;exp\u00e9rimenter les solutions avant m\u00eame que nos clients ne les demandent. Cette attention se refl\u00e8te \u00e9galement dans la s\u00e9lection minutieuse des fournisseurs et des mati\u00e8res premi\u00e8res.[\/vc_column_text][vc_single_image image=\u00a0\u00bb9117&Prime; img_size=\u00a0\u00bbfull\u00a0\u00bb][vc_empty_space height=\u00a0\u00bb60px\u00a0\u00bb][vc_single_image image=\u00a0\u00bb9118&Prime; img_size=\u00a0\u00bbfull\u00a0\u00bb alignment=\u00a0\u00bbright\u00a0\u00bb][\/vc_column_inner][\/vc_row_inner][\/vc_column][\/vc_row][vc_row full_width=\u00a0\u00bbstretch_row\u00a0\u00bb css=\u00a0\u00bb.vc_custom_1638265303618{background-image: url(https:\/\/www.ccmpackaging.it\/wp-content\/uploads\/2021\/11\/packaging-bg2-2.jpg?id=5297) !important;background-position: center !important;background-repeat: no-repeat !important;background-size: contain !important;}\u00a0\u00bb el_id=\u00a0\u00bbricerca\u00a0\u00bb][vc_column offset=\u00a0\u00bbvc_hidden-sm vc_hidden-xs\u00a0\u00bb][vc_empty_space height=\u00a0\u00bb200px\u00a0\u00bb el_class=\u00a0\u00bbspaziodesktop\u00a0\u00bb][vc_row_inner][vc_column_inner width=\u00a0\u00bb1\/3&Prime;][\/vc_column_inner][vc_column_inner width=\u00a0\u00bb2\/3&Prime;][vc_column_text el_class=\u00a0\u00bbnegativo\u00a0\u00bb]RECHERCHE ET D\u00c9VELOPPEMENT[\/vc_column_text][vc_column_text el_class=\u00a0\u00bbhighlights\u00a0\u00bb]<\/p>\n<h1>L&rsquo;investissement dans la recherche<br \/>\nest une priorit\u00e9<\/h1>\n<p>[\/vc_column_text][\/vc_column_inner][\/vc_row_inner][vc_row_inner][vc_column_inner width=\u00a0\u00bb1\/4&Prime;][\/vc_column_inner][vc_column_inner width=\u00a0\u00bb1\/2&Prime;][vc_empty_space height=\u00a0\u00bb400px\u00a0\u00bb][vc_column_text]Nos emballages repr\u00e9sentent une \u00e9volution bas\u00e9e sur la recherche et l&rsquo;innovation, partant de l&rsquo;antique tradition du papier pour aboutir \u00e0 un packaging performant et durable.<br \/>\nLe contr\u00f4le rigoureux des processus, avec des erreurs de production et de livraison r\u00e9duites au minimum, est devenu l&rsquo;un de nos points de fiert\u00e9.[\/vc_column_text][vc_empty_space height=\u00a0\u00bb60px\u00a0\u00bb][vc_column_text]Nous exp\u00e9rimentons quotidiennement diff\u00e9rents mat\u00e9riaux pour explorer les meilleures solutions pour votre march\u00e9 sp\u00e9cifique. Parall\u00e8lement, nous \u00e9tudions les demandes de chacun de nos clients, car la personnalisation des produits est l&rsquo;une des activit\u00e9s cl\u00e9s de la consultance de CCM.[\/vc_column_text][vc_empty_space height=\u00a0\u00bb100px\u00a0\u00bb][\/vc_column_inner][vc_column_inner width=\u00a0\u00bb1\/4&Prime;][\/vc_column_inner][\/vc_row_inner][\/vc_column][\/vc_row][vc_row full_width=\u00a0\u00bbstretch_row\u00a0\u00bb css=\u00a0\u00bb.vc_custom_1639521831509{background-position: center !important;background-repeat: no-repeat !important;background-size: contain !important;}\u00a0\u00bb el_id=\u00a0\u00bbricerca\u00a0\u00bb][vc_column offset=\u00a0\u00bbvc_hidden-lg vc_hidden-md\u00a0\u00bb][vc_row_inner][vc_column_inner][vc_column_text el_class=\u00a0\u00bbnegativo\u00a0\u00bb]RECHERCHE ET D\u00c9VELOPPEMENT[\/vc_column_text][vc_column_text el_class=\u00a0\u00bbhighlights\u00a0\u00bb]<\/p>\n<h1>L&rsquo;investissement dans la recherche est une priorit\u00e9<\/h1>\n<p>[\/vc_column_text][\/vc_column_inner][\/vc_row_inner][vc_row_inner][vc_column_inner][vc_column_text]Nos emballages repr\u00e9sentent une \u00e9volution bas\u00e9e sur la recherche et l&rsquo;innovation, partant de l&rsquo;antique tradition du papier pour aboutir \u00e0 un packaging performant et durable.<br \/>\nLe contr\u00f4le rigoureux des processus, avec des erreurs de production et de livraison r\u00e9duites au minimum, est devenu l&rsquo;un de nos points de fiert\u00e9.[\/vc_column_text][vc_empty_space height=\u00a0\u00bb60px\u00a0\u00bb][vc_column_text]Nous exp\u00e9rimentons quotidiennement diff\u00e9rents mat\u00e9riaux pour explorer les meilleures solutions pour votre march\u00e9 sp\u00e9cifique. Parall\u00e8lement, nous \u00e9tudions les demandes de chacun de nos clients, car la personnalisation des produits est l&rsquo;une des activit\u00e9s cl\u00e9s de la consultance de CCM.[\/vc_column_text][\/vc_column_inner][\/vc_row_inner][\/vc_column][\/vc_row][vc_row full_width=\u00a0\u00bbstretch_row_content_no_spaces\u00a0\u00bb css=\u00a0\u00bb.vc_custom_1639521918589{background-position: center !important;background-repeat: no-repeat !important;background-size: contain !important;}\u00a0\u00bb][vc_column offset=\u00a0\u00bbvc_hidden-lg vc_hidden-md\u00a0\u00bb][vc_single_image image=\u00a0\u00bb9125&Prime; img_size=\u00a0\u00bbfull\u00a0\u00bb][\/vc_column][\/vc_row][vc_row css=\u00a0\u00bb.vc_custom_1637253354261{background-image: url(https:\/\/www.ccmpackaging.it\/wp-content\/uploads\/2021\/11\/packaging-bg3.jpg?id=5143) !important;background-position: center !important;background-repeat: no-repeat !important;background-size: cover !important;}\u00a0\u00bb][vc_column width=\u00a0\u00bb1\/2&Prime;][vc_column_text]C&rsquo;est pourquoi il a \u00e9t\u00e9 naturel de cr\u00e9er un poste interne d\u00e9di\u00e9 \u00e0 la certification qualit\u00e9, un r\u00f4le qui constitue une v\u00e9ritable nouveaut\u00e9 dans ce secteur et permet de maintenir les certifications de cha\u00eene de contr\u00f4le <strong>FSC\u00ae et PEFC, ainsi que la certification de compostabilit\u00e9 OK COMPOST INDUSTRIAL pour nos produits de la LIGNE ECO, et la certification de syst\u00e8me de management ISO 9001:2015, qui garantit des standards \u00e9lev\u00e9s<\/strong> dans tous les secteurs de nos usines de Mod\u00e8ne, Via Portogallo 75 et Via Malavolti 12, \u00e0 travers la planification, le contr\u00f4le, l&rsquo;assurance qualit\u00e9 et son am\u00e9lioration continue.[\/vc_column_text][\/vc_column][vc_column width=\u00a0\u00bb1\/2&Prime;][vc_empty_space height=\u00a0\u00bb770px\u00a0\u00bb el_class=\u00a0\u00bbspaziodesktop\u00a0\u00bb][\/vc_column][\/vc_row][vc_row full_width=\u00a0\u00bbstretch_row\u00a0\u00bb css=\u00a0\u00bb.vc_custom_1637254403316{background-position: center !important;background-repeat: no-repeat !important;background-size: cover !important;}\u00a0\u00bb][vc_column][vc_empty_space height=\u00a0\u00bb50px\u00a0\u00bb][\/vc_column][\/vc_row][vc_row full_width=\u00a0\u00bbstretch_row\u00a0\u00bb css=\u00a0\u00bb.vc_custom_1638265316945{background-image: url(https:\/\/www.ccmpackaging.it\/wp-content\/uploads\/2021\/11\/packaging-bg4.jpg?id=5147) !important;background-position: center !important;background-repeat: no-repeat !important;background-size: cover !important;}\u00a0\u00bb el_id=\u00a0\u00bbcustomizzazione\u00a0\u00bb][vc_column][vc_empty_space height=\u00a0\u00bb200px\u00a0\u00bb el_class=\u00a0\u00bbspaziodesktop\u00a0\u00bb][vc_row_inner][vc_column_inner width=\u00a0\u00bb1\/3&Prime;][\/vc_column_inner][vc_column_inner width=\u00a0\u00bb2\/3&Prime;][vc_column_text el_class=\u00a0\u00bbnegativo\u00a0\u00bb]PERSONNALISATION[\/vc_column_text][vc_column_text el_class=\u00a0\u00bbhighlights\u00a0\u00bb]<\/p>\n<h1>La personnalisation<br \/>\nfait partie int\u00e9grante<br \/>\ndu produit.<\/h1>\n<p>[\/vc_column_text][vc_empty_space height=\u00a0\u00bb300px\u00a0\u00bb][\/vc_column_inner][\/vc_row_inner][vc_row_inner][vc_column_inner width=\u00a0\u00bb1\/3&Prime;][\/vc_column_inner][vc_column_inner width=\u00a0\u00bb2\/3&Prime;][vc_column_text el_class=\u00a0\u00bbnegativo\u00a0\u00bb]Nous offrons la possibilit\u00e9 de concevoir un packaging parfaitement adapt\u00e9 \u00e0 vos besoins, r\u00e9pondant efficacement \u00e0 vos attentes.<\/p>\n<p>\u00c0 partir de l&rsquo;analyse du produit et de votre marque, notre d\u00e9marche se concr\u00e9tise par la cr\u00e9ation d&rsquo;un packaging qui, dans tous ses aspects, satisfait aux exigences de protection et de conservation des produits alimentaires, tout en restant en symbiose avec l&rsquo;identit\u00e9 et le style de communication de votre entreprise.[\/vc_column_text][\/vc_column_inner][\/vc_row_inner][vc_empty_space height=\u00a0\u00bb200px\u00a0\u00bb el_class=\u00a0\u00bbspaziodesktop\u00a0\u00bb][\/vc_column][\/vc_row][vc_row css=\u00a0\u00bb.vc_custom_1637253796668{background-position: center !important;background-repeat: no-repeat !important;background-size: cover !important;}\u00a0\u00bb][vc_column width=\u00a0\u00bb1\/3&Prime;][\/vc_column][vc_column width=\u00a0\u00bb2\/3&Prime;][vc_column_text]<\/p>\n<h4>Un service qui ne se limite pas aux diff\u00e9rents types d&#8217;emballage, mais qui s&rsquo;\u00e9tend \u00e0 une vaste gamme de fournitures, de sorte \u00e0 compl\u00e9ter l&rsquo;image coordonn\u00e9e d&rsquo;une marque ou d&rsquo;un point de vente.<\/h4>\n<p>[\/vc_column_text][vc_empty_space height=\u00a0\u00bb100px\u00a0\u00bb][\/vc_column][\/vc_row][vc_row full_width=\u00a0\u00bbstretch_row\u00a0\u00bb css=\u00a0\u00bb.vc_custom_1718878602344{background-color: #50324e !important;}\u00a0\u00bb][vc_column offset=\u00a0\u00bbvc_hidden-lg vc_hidden-md vc_hidden-sm vc_hidden-xs\u00a0\u00bb][vc_single_image image=\u00a0\u00bb8974&Prime; img_size=\u00a0\u00bbfull\u00a0\u00bb alignment=\u00a0\u00bbcenter\u00a0\u00bb onclick=\u00a0\u00bbcustom_link\u00a0\u00bb link=\u00a0\u00bbhttps:\/\/www.ccmpackaging.it\/marca\/\u00a0\u00bb][\/vc_column][\/vc_row][vc_row full_width=\u00a0\u00bbstretch_row\u00a0\u00bb css=\u00a0\u00bb.vc_custom_1718878613799{background-color: #50324e !important;}\u00a0\u00bb][vc_column offset=\u00a0\u00bbvc_hidden-lg vc_hidden-md vc_hidden-sm vc_hidden-xs\u00a0\u00bb][vc_single_image image=\u00a0\u00bb8975&Prime; img_size=\u00a0\u00bbfull\u00a0\u00bb alignment=\u00a0\u00bbcenter\u00a0\u00bb onclick=\u00a0\u00bbcustom_link\u00a0\u00bb link=\u00a0\u00bbhttps:\/\/www.ccmpackaging.it\/marca\/\u00a0\u00bb][\/vc_column][\/vc_row]<\/p>\n","protected":false},"excerpt":{"rendered":"<p>[vc_row full_width=\u00a0\u00bbstretch_row_content_no_spaces\u00a0\u00bb css_animation=\u00a0\u00bbfadeIn\u00a0\u00bb][vc_column css_animation=\u00a0\u00bbfadeIn\u00a0\u00bb][\/vc_column][\/vc_row][vc_row full_width=\u00a0\u00bbstretch_row\u00a0\u00bb css=\u00a0\u00bb.vc_custom_1720020040314{margin-bottom: 0px !important;background-image: url(https:\/\/www.ccmpackaging.it\/wp-content\/uploads\/2021\/11\/packaging-bg.jpg?id=5141) !important;background-position: center !important;background-repeat: no-repeat !important;background-size: cover !important;}\u00a0\u00bb el_id=\u00a0\u00bbprogettazione\u00a0\u00bb][vc_column][vc_row_inner][vc_column_inner][vc_single_image image=\u00a0\u00bb9055&Prime; img_size=\u00a0\u00bbfull\u00a0\u00bb alignment=\u00a0\u00bbcenter\u00a0\u00bb][\/vc_column_inner][\/vc_row_inner][vc_row_inner\u2026<\/p>\n","protected":false},"author":8,"featured_media":0,"parent":0,"menu_order":0,"comment_status":"closed","ping_status":"closed","template":"","meta":{"inline_featured_image":false,"footnotes":""},"class_list":["post-9115","page","type-page","status-publish","hentry"],"yoast_head":"<!-- This site is optimized with the Yoast SEO plugin v26.7 - https:\/\/yoast.com\/wordpress\/plugins\/seo\/ -->\n<title>Packaging - CCM Packaging - Sp\u00e9cialistes des solutions en papier et autres mat\u00e9riaux recyclables et compostables<\/title>\n<meta name=\"robots\" content=\"index, follow, max-snippet:-1, max-image-preview:large, max-video-preview:-1\" \/>\n<link rel=\"canonical\" href=\"https:\/\/www.ccmpackaging.it\/fr\/packaging\/\" \/>\n<meta property=\"og:locale\" content=\"fr_FR\" \/>\n<meta property=\"og:type\" content=\"article\" \/>\n<meta property=\"og:title\" content=\"Packaging - CCM Packaging - Sp\u00e9cialistes des solutions en papier et autres mat\u00e9riaux recyclables et compostables\" \/>\n<meta property=\"og:description\" content=\"[vc_row full_width=\u00a0\u00bbstretch_row_content_no_spaces\u00a0\u00bb css_animation=\u00a0\u00bbfadeIn\u00a0\u00bb][vc_column css_animation=\u00a0\u00bbfadeIn\u00a0\u00bb][\/vc_column][\/vc_row][vc_row full_width=\u00a0\u00bbstretch_row\u00a0\u00bb css=\u00a0\u00bb.vc_custom_1720020040314{margin-bottom: 0px !important;background-image: url(https:\/\/www.ccmpackaging.it\/wp-content\/uploads\/2021\/11\/packaging-bg.jpg?id=5141) !important;background-position: center !important;background-repeat: no-repeat !important;background-size: cover !important;}\u00a0\u00bb el_id=\u00a0\u00bbprogettazione\u00a0\u00bb][vc_column][vc_row_inner][vc_column_inner][vc_single_image image=\u00a0\u00bb9055&Prime; img_size=\u00a0\u00bbfull\u00a0\u00bb alignment=\u00a0\u00bbcenter\u00a0\u00bb][\/vc_column_inner][\/vc_row_inner][vc_row_inner\u2026\" \/>\n<meta property=\"og:url\" content=\"https:\/\/www.ccmpackaging.it\/fr\/packaging\/\" \/>\n<meta property=\"og:site_name\" content=\"CCM Packaging - Sp\u00e9cialistes des solutions en papier et autres mat\u00e9riaux recyclables et compostables\" \/>\n<meta property=\"article:modified_time\" content=\"2025-02-06T11:18:01+00:00\" \/>\n<meta name=\"twitter:card\" content=\"summary_large_image\" \/>\n<meta name=\"twitter:label1\" content=\"Dur\u00e9e de lecture estim\u00e9e\" \/>\n\t<meta name=\"twitter:data1\" content=\"8 minutes\" \/>\n<script type=\"application\/ld+json\" class=\"yoast-schema-graph\">{\"@context\":\"https:\/\/schema.org\",\"@graph\":[{\"@type\":\"WebPage\",\"@id\":\"https:\/\/www.ccmpackaging.it\/fr\/packaging\/\",\"url\":\"https:\/\/www.ccmpackaging.it\/fr\/packaging\/\",\"name\":\"Packaging - CCM Packaging - Sp\u00e9cialistes des solutions en papier et autres mat\u00e9riaux recyclables et compostables\",\"isPartOf\":{\"@id\":\"https:\/\/www.ccmpackaging.it\/#website\"},\"datePublished\":\"2025-02-06T10:52:01+00:00\",\"dateModified\":\"2025-02-06T11:18:01+00:00\",\"breadcrumb\":{\"@id\":\"https:\/\/www.ccmpackaging.it\/fr\/packaging\/#breadcrumb\"},\"inLanguage\":\"fr-FR\",\"potentialAction\":[{\"@type\":\"ReadAction\",\"target\":[\"https:\/\/www.ccmpackaging.it\/fr\/packaging\/\"]}]},{\"@type\":\"BreadcrumbList\",\"@id\":\"https:\/\/www.ccmpackaging.it\/fr\/packaging\/#breadcrumb\",\"itemListElement\":[{\"@type\":\"ListItem\",\"position\":1,\"name\":\"Home\",\"item\":\"https:\/\/www.ccmpackaging.it\/fr\/\"},{\"@type\":\"ListItem\",\"position\":2,\"name\":\"Packaging\"}]},{\"@type\":\"WebSite\",\"@id\":\"https:\/\/www.ccmpackaging.it\/#website\",\"url\":\"https:\/\/www.ccmpackaging.it\/\",\"name\":\"CCM Packaging - Sp\u00e9cialistes des solutions en papier et autres mat\u00e9riaux recyclables et compostables\",\"description\":\"Emballage alimentaire, hygi\u00e8ne, nettoyage et conditionnement\",\"potentialAction\":[{\"@type\":\"SearchAction\",\"target\":{\"@type\":\"EntryPoint\",\"urlTemplate\":\"https:\/\/www.ccmpackaging.it\/?s={search_term_string}\"},\"query-input\":{\"@type\":\"PropertyValueSpecification\",\"valueRequired\":true,\"valueName\":\"search_term_string\"}}],\"inLanguage\":\"fr-FR\"}]}<\/script>\n<!-- \/ Yoast SEO plugin. -->","yoast_head_json":{"title":"Packaging - CCM Packaging - Sp\u00e9cialistes des solutions en papier et autres mat\u00e9riaux recyclables et compostables","robots":{"index":"index","follow":"follow","max-snippet":"max-snippet:-1","max-image-preview":"max-image-preview:large","max-video-preview":"max-video-preview:-1"},"canonical":"https:\/\/www.ccmpackaging.it\/fr\/packaging\/","og_locale":"fr_FR","og_type":"article","og_title":"Packaging - CCM Packaging - Sp\u00e9cialistes des solutions en papier et autres mat\u00e9riaux recyclables et compostables","og_description":"[vc_row full_width=\u00a0\u00bbstretch_row_content_no_spaces\u00a0\u00bb css_animation=\u00a0\u00bbfadeIn\u00a0\u00bb][vc_column css_animation=\u00a0\u00bbfadeIn\u00a0\u00bb][\/vc_column][\/vc_row][vc_row full_width=\u00a0\u00bbstretch_row\u00a0\u00bb css=\u00a0\u00bb.vc_custom_1720020040314{margin-bottom: 0px !important;background-image: url(https:\/\/www.ccmpackaging.it\/wp-content\/uploads\/2021\/11\/packaging-bg.jpg?id=5141) !important;background-position: center !important;background-repeat: no-repeat !important;background-size: cover !important;}\u00a0\u00bb el_id=\u00a0\u00bbprogettazione\u00a0\u00bb][vc_column][vc_row_inner][vc_column_inner][vc_single_image image=\u00a0\u00bb9055&Prime; img_size=\u00a0\u00bbfull\u00a0\u00bb alignment=\u00a0\u00bbcenter\u00a0\u00bb][\/vc_column_inner][\/vc_row_inner][vc_row_inner\u2026","og_url":"https:\/\/www.ccmpackaging.it\/fr\/packaging\/","og_site_name":"CCM Packaging - Sp\u00e9cialistes des solutions en papier et autres mat\u00e9riaux recyclables et compostables","article_modified_time":"2025-02-06T11:18:01+00:00","twitter_card":"summary_large_image","twitter_misc":{"Dur\u00e9e de lecture estim\u00e9e":"8 minutes"},"schema":{"@context":"https:\/\/schema.org","@graph":[{"@type":"WebPage","@id":"https:\/\/www.ccmpackaging.it\/fr\/packaging\/","url":"https:\/\/www.ccmpackaging.it\/fr\/packaging\/","name":"Packaging - CCM Packaging - Sp\u00e9cialistes des solutions en papier et autres mat\u00e9riaux recyclables et compostables","isPartOf":{"@id":"https:\/\/www.ccmpackaging.it\/#website"},"datePublished":"2025-02-06T10:52:01+00:00","dateModified":"2025-02-06T11:18:01+00:00","breadcrumb":{"@id":"https:\/\/www.ccmpackaging.it\/fr\/packaging\/#breadcrumb"},"inLanguage":"fr-FR","potentialAction":[{"@type":"ReadAction","target":["https:\/\/www.ccmpackaging.it\/fr\/packaging\/"]}]},{"@type":"BreadcrumbList","@id":"https:\/\/www.ccmpackaging.it\/fr\/packaging\/#breadcrumb","itemListElement":[{"@type":"ListItem","position":1,"name":"Home","item":"https:\/\/www.ccmpackaging.it\/fr\/"},{"@type":"ListItem","position":2,"name":"Packaging"}]},{"@type":"WebSite","@id":"https:\/\/www.ccmpackaging.it\/#website","url":"https:\/\/www.ccmpackaging.it\/","name":"CCM Packaging - Sp\u00e9cialistes des solutions en papier et autres mat\u00e9riaux recyclables et compostables","description":"Emballage alimentaire, hygi\u00e8ne, nettoyage et conditionnement","potentialAction":[{"@type":"SearchAction","target":{"@type":"EntryPoint","urlTemplate":"https:\/\/www.ccmpackaging.it\/?s={search_term_string}"},"query-input":{"@type":"PropertyValueSpecification","valueRequired":true,"valueName":"search_term_string"}}],"inLanguage":"fr-FR"}]}},"_links":{"self":[{"href":"https:\/\/www.ccmpackaging.it\/fr\/wp-json\/wp\/v2\/pages\/9115","targetHints":{"allow":["GET"]}}],"collection":[{"href":"https:\/\/www.ccmpackaging.it\/fr\/wp-json\/wp\/v2\/pages"}],"about":[{"href":"https:\/\/www.ccmpackaging.it\/fr\/wp-json\/wp\/v2\/types\/page"}],"author":[{"embeddable":true,"href":"https:\/\/www.ccmpackaging.it\/fr\/wp-json\/wp\/v2\/users\/8"}],"replies":[{"embeddable":true,"href":"https:\/\/www.ccmpackaging.it\/fr\/wp-json\/wp\/v2\/comments?post=9115"}],"version-history":[{"count":5,"href":"https:\/\/www.ccmpackaging.it\/fr\/wp-json\/wp\/v2\/pages\/9115\/revisions"}],"predecessor-version":[{"id":9131,"href":"https:\/\/www.ccmpackaging.it\/fr\/wp-json\/wp\/v2\/pages\/9115\/revisions\/9131"}],"wp:attachment":[{"href":"https:\/\/www.ccmpackaging.it\/fr\/wp-json\/wp\/v2\/media?parent=9115"}],"curies":[{"name":"wp","href":"https:\/\/api.w.org\/{rel}","templated":true}]}}